{"id":876,"date":"2026-03-16T09:54:32","date_gmt":"2026-03-16T08:54:32","guid":{"rendered":"https:\/\/www.parasol35.org\/?post_type=tribe_events&#038;p=876"},"modified":"2026-03-16T09:54:33","modified_gmt":"2026-03-16T08:54:33","slug":"parasol-et-lepok-vous-proposent-une-formation-initiation-a-la-communication-non-violente-en-collectif-dhabitants-2","status":"publish","type":"tribe_events","link":"https:\/\/www.parasol35.org\/index.php\/evenement\/parasol-et-lepok-vous-proposent-une-formation-initiation-a-la-communication-non-violente-en-collectif-dhabitants-2\/","title":{"rendered":"Parasol et l&rsquo;EPOK vous proposent une formation \u00ab\u00a0Initiation \u00e0 la Communication Non Violente en collectif d\u2019habitants\u00a0\u00bb"},"content":{"rendered":"<div  class=\"tribe-events-schedule tribe-clearfix\" >\n\t<p class=\"tribe-events-schedule__datetime\">\n\t\t<span class=\"tribe-events-schedule__date tribe-events-schedule__date--start\">\n\t\t\t18 avril\t\t<\/span>\n\n\t\t\t\t\t<span class=\"tribe-events-schedule__separator tribe-events-schedule__separator--date\">\n\t\t\t\t: \t\t\t<\/span>\n\t\t\t<span class=\"tribe-events-schedule__time tribe-events-schedule__time--start\">\n\t\t\t\t10h00\t\t\t<\/span>\n\t\t\n\t\t\t\t\t\t\t\t\t<span class=\"tribe-events-schedule__separator tribe-events-schedule__separator--time\">\n\t\t\t\t\t &#8211; \t\t\t\t<\/span>\n\t\t\t\n\t\t\t\t\t\t\t<span class=\"tribe-events-schedule__time tribe-events-schedule__time--end\">\n\t\t\t\t\t18h00\t\t\t\t<\/span>\n\t\t\t\n\t\t\t\t\t\t<\/p>\n<\/div>\n\n\n<h2 class=\"date\">2 jours de formation en pr\u00e9sentiel pour d\u00e9couvrir des <strong>outils concrets issus de la Communication Non Violente (CNV)<\/strong>, sp\u00e9cialement adapt\u00e9s aux collectifs o\u00f9 l\u2019on vit et d\u00e9cide ensemble sur le long terme.\u00a0<\/h2>\n\n<div class=\"wp-block-image\">\n<figure class=\"aligncenter size-full\"><img loading=\"lazy\" decoding=\"async\" width=\"357\" height=\"215\" src=\"http:\/\/www.parasol35.org\/wp-content\/uploads\/2026\/03\/CNV.jpg\" alt=\"\" class=\"wp-image-864\" srcset=\"https:\/\/www.parasol35.org\/wp-content\/uploads\/2026\/03\/CNV.jpg 357w, https:\/\/www.parasol35.org\/wp-content\/uploads\/2026\/03\/CNV-300x181.jpg 300w\" sizes=\"auto, (max-width: 357px) 100vw, 357px\" \/><\/figure>\n<\/div>\n\n\n<div class=\"wp-block-columns is-layout-flex wp-container-core-columns-is-layout-9d6595d7 wp-block-columns-is-layout-flex\">\n<div class=\"wp-block-column is-vertically-aligned-center is-layout-flow wp-block-column-is-layout-flow\"><div class=\"wp-block-image\">\n<figure class=\"aligncenter size-full is-resized\"><a href=\"https:\/\/www.parasol35.org\/\" target=\"_blank\" rel=\" noreferrer noopener\"><img decoding=\"async\" src=\"http:\/\/www.parasol35.org\/wp-content\/uploads\/2025\/06\/logo-1.png\" alt=\"\" class=\"wp-image-136\" style=\"aspect-ratio:1.9472954230235784;width:173px;height:auto\"\/><\/a><\/figure>\n<\/div><\/div>\n\n\n\n<div class=\"wp-block-column is-vertically-aligned-bottom is-layout-flow wp-block-column-is-layout-flow\">\n<div class=\"wp-block-buttons is-content-justification-center is-layout-flex wp-container-core-buttons-is-layout-16018d1d wp-block-buttons-is-layout-flex\">\n<div class=\"wp-block-button\"><a class=\"wp-block-button__link wp-element-button\" href=\"https:\/\/www.helloasso.com\/associations\/l-epok\/evenements\/formation-initiation-cnv-communication-en-collectif-d-habitants\" target=\"_blank\" rel=\"noreferrer noopener\">S&rsquo;inscrire<\/a><\/div>\n<\/div>\n<\/div>\n\n\n\n<div class=\"wp-block-column is-vertically-aligned-center is-layout-flow wp-block-column-is-layout-flow\"><div class=\"wp-block-image\">\n<figure class=\"aligncenter size-full is-resized\"><a href=\"https:\/\/lepok.org\/\" target=\"_blank\" rel=\" noreferrer noopener\"><img loading=\"lazy\" decoding=\"async\" width=\"582\" height=\"179\" src=\"http:\/\/www.parasol35.org\/wp-content\/uploads\/2025\/09\/logo-lepok.png\" alt=\"\" class=\"wp-image-543\" style=\"aspect-ratio:3.251881876085698;width:168px;height:auto\" srcset=\"https:\/\/www.parasol35.org\/wp-content\/uploads\/2025\/09\/logo-lepok.png 582w, https:\/\/www.parasol35.org\/wp-content\/uploads\/2025\/09\/logo-lepok-300x92.png 300w\" sizes=\"auto, (max-width: 582px) 100vw, 582px\" \/><\/a><\/figure>\n<\/div><\/div>\n<\/div>\n\n\n\n<p>Pendant deux journ\u00e9es, les participant.e.s exploreront comment :<\/p>\n\n\n\n<ul class=\"wp-block-list\">\n<li>Identifier ce qui bloque le dialogue<\/li>\n\n\n\n<li>Clarifier les besoins et les demandes<\/li>\n\n\n\n<li>Favoriser la compr\u00e9hension mutuelle<\/li>\n\n\n\n<li>Pr\u00e9venir l\u2019escalade des tensions<\/li>\n<\/ul>\n\n\n\n<p>L\u2019approche est <strong>participative et ancr\u00e9e dans les situations r\u00e9elles des groupes&nbsp;<\/strong><\/p>\n\n\n\n<p>JOUR 1 : CONNEXION \u00c0 SOI<\/p>\n\n\n\n<p>1. L\u2019intention comme pr\u00e9alable&nbsp;<\/p>\n\n\n\n<p>2. Les formes d&rsquo;expression qui ferment vs qui ouvrent le dialogue&nbsp;<\/p>\n\n\n\n<p>3. Les 4 \u00e9tapes du processus CNV&nbsp;<\/p>\n\n\n\n<p>4. La clarification avant l&rsquo;expression authentique&nbsp;<\/p>\n\n\n\n<p>JOUR 2 : LA CONNEXION \u00c0 L\u2019AUTRE &amp; LE DIALOGUE<\/p>\n\n\n\n<p>1. L\u2019empathie<\/p>\n\n\n\n<p>2. L\u2019expression d&rsquo;une demande<\/p>\n\n\n\n<p>3. Le processus de recherche des solutions communes &nbsp;<\/p>\n\n\n\n<p><em>Le programme d\u00e9taill\u00e9 vous sera envoy\u00e9 une fois votre inscription r\u00e9alis\u00e9e<\/em><\/p>\n\n\n\n<p><em><strong>Dates et lieux :<\/strong><\/em><\/p>\n\n\n\n<p><strong>JOUR 1 : Samedi 11 avril 2026<\/strong>, de 10h \u00e0 18h \u2013 Habitat participatif Casalma, 108 rue Ginguen\u00e9, Rennes<\/p>\n\n\n\n<p><strong>JOUR 2 : Samedi 18 avril 2026<\/strong>, de 10h \u00e0 18h \u2013 Maison de la Consommation et de l\u2019Environnement (MCE), 48 boulevard Magenta, Rennes<\/p>\n\n\n\n<p><strong>Intervenante : <\/strong>Gwenn Melsco\u00ebt, m\u00e9diatrice CNV depuis 2017.<\/p>\n\n\n\n<p><strong>Public : <\/strong>Porteurs de projet, habitants engag\u00e9s, collectifs en cr\u00e9ation ou collectifs traversant des tensions.<\/p>\n\n\n\n<p><strong>Informations compl\u00e9mentaires :<\/strong><\/p>\n\n\n\n<p>Prix : <strong>197\u20ac pour les 2 journ\u00e9es<\/strong><\/p>\n\n\n\n<p><strong>Repas non fourni<\/strong><\/p>\n\n\n\n<p>Groupe limit\u00e9 \u00e0 <strong>12 participant.e.s<\/strong><\/p>\n\n\n\n<p>Formation maintenue \u00e0 partir de <strong>8 inscrit.e.s<\/strong> (remboursement si annulation)<\/p>\n\n\n\n<p><br><\/p>\n\n\n\t<div  class=\"tribe-block tribe-block__events-link\" >\n\t\t<div class=\"tribe-events tribe-common\">\n\t\t\t<div class=\"tribe-events-c-subscribe-dropdown__container\">\n\t\t\t\t<div class=\"tribe-events-c-subscribe-dropdown\">\n\t\t\t\t\t<div class=\"tribe-common-c-btn-border tribe-events-c-subscribe-dropdown__button\">\n\t\t\t\t\t\t<svg\n\t class=\"tribe-common-c-svgicon tribe-common-c-svgicon--cal-export tribe-events-c-subscribe-dropdown__export-icon\" \taria-hidden=\"true\"\n\tviewBox=\"0 0 23 17\"\n\txmlns=\"http:\/\/www.w3.org\/2000\/svg\"\n>\n\t<path fill-rule=\"evenodd\" clip-rule=\"evenodd\" d=\"M.128.896V16.13c0 .211.145.383.323.383h15.354c.179 0 .323-.172.323-.383V.896c0-.212-.144-.383-.323-.383H.451C.273.513.128.684.128.896Zm16 6.742h-.901V4.679H1.009v10.729h14.218v-3.336h.901V7.638ZM1.01 1.614h14.218v2.058H1.009V1.614Z\" \/>\n\t<path d=\"M20.5 9.846H8.312M18.524 6.953l2.89 2.909-2.855 2.855\" stroke-width=\"1.2\" stroke-linecap=\"round\" stroke-linejoin=\"round\"\/>\n<\/svg>\n\t\t\t\t\t\t<button\n\t\t\t\t\t\t\tclass=\"tribe-events-c-subscribe-dropdown__button-text\"\n\t\t\t\t\t\t\taria-expanded=\"false\"\n\t\t\t\t\t\t\taria-controls=\"tribe-events-subscribe-dropdown-content\"\n\t\t\t\t\t\t\taria-label=\"Afficher les liens permettant d\u2019ajouter des \u00e9v\u00e8nements \u00e0 votre calendrier\"\n\t\t\t\t\t\t>\n\t\t\t\t\t\t\tAjouter au calendrier\t\t\t\t\t\t<\/button>\n\t\t\t\t\t\t<svg\n\t class=\"tribe-common-c-svgicon tribe-common-c-svgicon--caret-down tribe-events-c-subscribe-dropdown__button-icon\" \taria-hidden=\"true\"\n\tviewBox=\"0 0 10 7\"\n\txmlns=\"http:\/\/www.w3.org\/2000\/svg\"\n>\n\t<path fill-rule=\"evenodd\" clip-rule=\"evenodd\" d=\"M1.008.609L5 4.6 8.992.61l.958.958L5 6.517.05 1.566l.958-.958z\" class=\"tribe-common-c-svgicon__svg-fill\"\/>\n<\/svg>\n\t\t\t\t\t<\/div>\n\t\t\t\t\t<div id=\"tribe-events-subscribe-dropdown-content\" class=\"tribe-events-c-subscribe-dropdown__content\">\n\t\t\t\t\t\t<ul class=\"tribe-events-c-subscribe-dropdown__list\">\n\t\t\t\t\t\t\t\t\t\t\t\t\t\t\t<li class=\"tribe-events-c-subscribe-dropdown__list-item tribe-events-c-subscribe-dropdown__list-item--gcal\">\n\t\t\t\t\t\t\t\t\t<a\n\t\t\t\t\t\t\t\t\t\thref=\"https:\/\/www.google.com\/calendar\/event?action=TEMPLATE&#038;dates=20260418T100000\/20260418T180000&#038;text=Parasol%20et%20l%26rsquo%3BEPOK%20vous%20proposent%20une%20formation%20%C2%AB%C2%A0Initiation%20%C3%A0%20la%20Communication%20Non%20Violente%20en%20collectif%20d%E2%80%99habitants%C2%A0%C2%BB&#038;details=%3Ch2+class%3D%22date%22%3E2+jours+de+formation+en+pr%C3%A9sentiel+pour+d%C3%A9couvrir+des+%3Cstrong%3Eoutils+concrets+issus+de+la+Communication+Non+Violente+%28CNV%29%3C%2Fstrong%3E%2C+sp%C3%A9cialement+adapt%C3%A9s+aux+collectifs+o%C3%B9+l%E2%80%99on+vit+et+d%C3%A9cide+ensemble+sur+le+long+terme.%C2%A0%3C%2Fh2%3E%3Cfigure+class%3D%22wp-block-image+aligncenter+size-full%22%3E%3Cimg+src%3D%22http%3A%2F%2Fwww.parasol35.org%2Fwp-content%2Fuploads%2F2026%2F03%2FCNV.jpg%22+alt%3D%22%22+class%3D%22wp-image-864%22%2F%3E%3C%2Ffigure%3E%3Cdiv+class%3D%22wp-block-columns%22%3E%3Cdiv+class%3D%22wp-block-column+is-vertically-aligned-center%22%3E%3Cfigure+class%3D%22wp-block-image+aligncenter+size-full+is-resized%22%3E%3Ca+href%3D%22https%3A%2F%2Fwww.parasol35.org%2F%22+target%3D%22_blank%22+rel%3D%22+noreferrer+noopener%22%3E%3Cimg+src%3D%22http%3A%2F%2Fwww.parasol35.org%2Fwp-content%2Fuploads%2F2025%2F06%2Flogo-1.png%22+alt%3D%22%22+class%3D%22wp-image-136%22+style%3D%22aspect-ratio%3A1.9472954230235784%3Bwidth%3A173px%3Bheight%3Aauto%22%2F%3E%3C%2Fa%3E%3C%2Ffigure%3E%3C%2Fdiv%3E%3Cdiv+class%3D%22wp-block-column+is-vertically-aligned-bottom%22%3E%3Cdiv+class%3D%22wp-block-buttons%22%3E%3Cdiv+class%3D%22wp-block-button%22%3E%3Ca+class%3D%22wp-block-button__link%3C%2Fdiv%3E%3C%2Fdiv%3E%3C%2Fdiv%3E%3C%2Fdiv%3E%28Voir+toute+la+description+de+%C3%A9v%C3%A8nement+ici%C2%A0%3A+https%3A%2F%2Fwww.parasol35.org%2Findex.php%2Fevenement%2Fparasol-et-lepok-vous-proposent-une-formation-initiation-a-la-communication-non-violente-en-collectif-dhabitants-2%2F%29&#038;location=MCE,%2048%20bd%20Magenta,%20Rennes,%20Ille%20et%20Vilane,%2035000,%20France&#038;trp=false&#038;ctz=Europe\/Paris&#038;sprop=website:https:\/\/www.parasol35.org\"\n\t\t\t\t\t\t\t\t\t\tclass=\"tribe-events-c-subscribe-dropdown__list-item-link\"\n\t\t\t\t\t\t\t\t\t\ttarget=\"_blank\"\n\t\t\t\t\t\t\t\t\t\trel=\"noopener noreferrer nofollow noindex\"\n\t\t\t\t\t\t\t\t\t>\n\t\t\t\t\t\t\t\t\t\tGoogle Agenda\t\t\t\t\t\t\t\t\t<\/a>\n\t\t\t\t\t\t\t\t<\/li>\n\t\t\t\t\t\t\t\t\t\t\t\t\t\t\t<li class=\"tribe-events-c-subscribe-dropdown__list-item tribe-events-c-subscribe-dropdown__list-item--ical\">\n\t\t\t\t\t\t\t\t\t<a\n\t\t\t\t\t\t\t\t\t\thref=\"\"\n\t\t\t\t\t\t\t\t\t\tclass=\"tribe-events-c-subscribe-dropdown__list-item-link\"\n\t\t\t\t\t\t\t\t\t\ttarget=\"_blank\"\n\t\t\t\t\t\t\t\t\t\trel=\"noopener noreferrer nofollow noindex\"\n\t\t\t\t\t\t\t\t\t>\n\t\t\t\t\t\t\t\t\t\tiCalendar\t\t\t\t\t\t\t\t\t<\/a>\n\t\t\t\t\t\t\t\t<\/li>\n\t\t\t\t\t\t\t\t\t\t\t\t\t\t\t<li class=\"tribe-events-c-subscribe-dropdown__list-item tribe-events-c-subscribe-dropdown__list-item--outlook-365\">\n\t\t\t\t\t\t\t\t\t<a\n\t\t\t\t\t\t\t\t\t\thref=\"\"\n\t\t\t\t\t\t\t\t\t\tclass=\"tribe-events-c-subscribe-dropdown__list-item-link\"\n\t\t\t\t\t\t\t\t\t\ttarget=\"_blank\"\n\t\t\t\t\t\t\t\t\t\trel=\"noopener noreferrer nofollow noindex\"\n\t\t\t\t\t\t\t\t\t>\n\t\t\t\t\t\t\t\t\t\tOutlook 365\t\t\t\t\t\t\t\t\t<\/a>\n\t\t\t\t\t\t\t\t<\/li>\n\t\t\t\t\t\t\t\t\t\t\t\t\t\t\t<li class=\"tribe-events-c-subscribe-dropdown__list-item tribe-events-c-subscribe-dropdown__list-item--outlook-live\">\n\t\t\t\t\t\t\t\t\t<a\n\t\t\t\t\t\t\t\t\t\thref=\"\"\n\t\t\t\t\t\t\t\t\t\tclass=\"tribe-events-c-subscribe-dropdown__list-item-link\"\n\t\t\t\t\t\t\t\t\t\ttarget=\"_blank\"\n\t\t\t\t\t\t\t\t\t\trel=\"noopener noreferrer nofollow noindex\"\n\t\t\t\t\t\t\t\t\t>\n\t\t\t\t\t\t\t\t\t\tOutlook Live\t\t\t\t\t\t\t\t\t<\/a>\n\t\t\t\t\t\t\t\t<\/li>\n\t\t\t\t\t\t\t\t\t\t\t\t\t<\/ul>\n\t\t\t\t\t<\/div>\n\t\t\t\t<\/div>\n\t\t\t<\/div>\n\t\t<\/div>\n\t<\/div>\n\n\n\n<div  class=\"tribe-events-single-section tribe-events-event-meta primary tribe-clearfix\" >\n\t\n\t\n<div class=\"tribe-events-meta-group tribe-events-meta-group-details\">\n\t<h3 class=\"tribe-events-single-section-title\">\n\t\t\t\t\tD\u00e9tails\t\t\n\t<\/h3>\n\t<ul class=\"tribe-events-meta-list\">\n\n\t\t\n\t\t\t<li class=\"tribe-events-meta-item\">\n\t\t\t\t<span class=\"tribe-events-meta-label\">Date :<\/span>\n\t\t\t\t<span class=\"tribe-events-meta-value\">\n\t\t\t\t\t<abbr class=\"tribe-events-abbr tribe-events-start-date published dtstart\" title=\"2026-04-18\"> 18 avril <\/abbr>\n\t\t\t\t<\/span>\n\t\t\t<\/li>\n\n\t\t\t<li class=\"tribe-events-meta-item\">\n\t\t\t\t<span class=\"tribe-events-meta-label\">Heure\u00a0:<\/span>\n\t\t\t\t<span class=\"tribe-events-meta-value\">\n\t\t\t\t\t<div class=\"tribe-events-abbr tribe-events-start-time published dtstart\" title=\"2026-04-18\">\n\t\t\t\t\t\t10h00 &#8211; 18h00\t\t\t\t\t\t\t\t\t\t\t<\/div>\n\t\t\t\t<\/span>\n\t\t\t<\/li>\n\n\t\t\n\t\t\t\t\t<li class=\"tribe-events-meta-item\">\n\t\t\t\t<span class=\"tribe-events-meta-label\">Prix\u00a0:<\/span>\n\t\t\t\t<span class=\"tribe-events-event-cost tribe-events-meta-value\"> \u20ac197 <\/span>\n\t\t\t<\/li>\n\t\t\n\t\t\n\t\t\n\t\t\n\t\t\n\t\t\t<\/ul>\n<\/div>\n\t\n<div class=\"tribe-events-meta-group tribe-events-meta-group-organizer\">\n\t<h3 class=\"tribe-events-single-section-title\">\n\t\t\t\t\tOrganisateur\t\t\t<\/h3>\n\t<ul class=\"tribe-events-meta-list tribe-events-meta-list-organizer\">\n\t\t\t\t\t<li class=\"tribe-events-meta-item\">\n\t\t\t\t<span class=\"tribe-organizer tribe-events-meta-value\">\n\t\t\t\t\tEPOK\t\t\t\t<\/span>\n\t\t\t<\/li>\n\t\t\t\t<\/ul>\n<\/div>\n\n\t<\/div>\n\n\n<div  class=\"tribe-block tribe-block__venue tribe-clearfix tribe-block__venue--has-map\" >\n\t\n\t\n<div class=\"tribe-block__venue__meta\">\n\t<div class=\"tribe-block__venue__name\">\n\t\t<h3>MCE<\/h3>\n\t<\/div>\n\n\t\n\t\t\t\t\t\t<address class=\"tribe-block__venue__address\">\n\t\t\t\t<span class=\"tribe-address\">\n\n<span class=\"tribe-street-address\">48 bd Magenta<\/span>\n\t\n\t\t<br>\n\t\t<span class=\"tribe-locality\">Rennes<\/span><span class=\"tribe-delimiter\">,<\/span>\n\n\t<abbr class=\"tribe-region tribe-events-abbr\" title=\"Ille et Vilane\">Ille et Vilane<\/abbr>\n\n\t<span class=\"tribe-postal-code\">35000<\/span>\n\n\t<span class=\"tribe-country-name\">France<\/span>\n\n<\/span>\n\n\t\t\t\t\t\t\t\t\t<a class=\"tribe-events-gmap\" href=\"https:\/\/maps.google.com\/maps?f=q&#038;source=s_q&#038;hl=en&#038;geocode=&#038;q=48+bd+Magenta+Rennes+Ille+et+Vilane+35000+France\" title=\"Cliquez pour voir une carte Google Map\" target=\"_blank\" rel=\"noreferrer noopener\">+ Google Map<\/a>\t\t\t\t\t\t\t<\/address>\n\t\t\n\t\t\n\t\t\t\n\t<\/div>\n\t\n<div class=\"tribe-block__venue__map\">\n\t\n<iframe loading=\"lazy\"\n  title=\"L\u2018iframe Google maps affichant l\u2019adresse \u00e0 MCE\"\n  aria-label=\"Plan des lieux\"\n  width=\"310px\"\n  height=\"256px\"\n  frameborder=\"0\" style=\"border:0\"\n  src=\"https:\/\/www.google.com\/maps\/embed\/v1\/place?key=AIzaSyDNsicAsP6-VuGtAb1O9riI3oc_NOb7IOU&#038;q=48+bd+Magenta+Rennes+Ille+et+Vilane+35000+France+&#038;zoom=15\" allowfullscreen>\n<\/iframe>\n<\/div>\n\n\t<\/div>\n\n\n\n<p><\/p>\n","protected":false},"excerpt":{"rendered":"<p>2 jours de formation en pr\u00e9sentiel pour d\u00e9couvrir des outils concrets issus de la Communication Non Violente (CNV), sp\u00e9cialement adapt\u00e9s aux collectifs o\u00f9 l\u2019on vit et d\u00e9cide ensemble sur le&#8230;<\/p>\n","protected":false},"author":2,"featured_media":861,"template":"","meta":{"_EventAllDay":false,"_EventTimezone":"Europe\/Paris","_EventStartDate":"2026-04-18 10:00:00","_EventEndDate":"2026-04-18 18:00:00","_EventStartDateUTC":"2026-04-18 08:00:00","_EventEndDateUTC":"2026-04-18 16:00:00","_EventShowMap":false,"_EventShowMapLink":false,"_EventURL":"","_EventCost":"197","_EventCostDescription":"","_EventCurrencySymbol":"\u20ac","_EventCurrencyCode":"EUR","_EventCurrencyPosition":"prefix","_EventDateTimeSeparator":"","_EventTimeRangeSeparator":"","_EventOrganizerID":[866],"_EventVenueID":[376],"_OrganizerEmail":"","_OrganizerPhone":"","_OrganizerWebsite":"","_VenueAddress":"","_VenueCity":"","_VenueCountry":"","_VenueProvince":"","_VenueState":"","_VenueZip":"","_VenuePhone":"","_VenueURL":"","_VenueStateProvince":"","_VenueLat":"","_VenueLng":"","_VenueShowMap":false,"_VenueShowMapLink":false,"_kad_post_transparent":"","_kad_post_title":"","_kad_post_layout":"","_kad_post_sidebar_id":"","_kad_post_content_style":"","_kad_post_vertical_padding":"","_kad_post_feature":"","_kad_post_feature_position":"","_kad_post_header":false,"_kad_post_footer":false,"_kad_post_classname":"","_tribe_events_status":"","_tribe_events_status_reason":"","footnotes":""},"tags":[],"tribe_events_cat":[],"class_list":["post-876","tribe_events","type-tribe_events","status-publish","has-post-thumbnail","hentry"],"_links":{"self":[{"href":"https:\/\/www.parasol35.org\/index.php\/wp-json\/wp\/v2\/tribe_events\/876","targetHints":{"allow":["GET"]}}],"collection":[{"href":"https:\/\/www.parasol35.org\/index.php\/wp-json\/wp\/v2\/tribe_events"}],"about":[{"href":"https:\/\/www.parasol35.org\/index.php\/wp-json\/wp\/v2\/types\/tribe_events"}],"author":[{"embeddable":true,"href":"https:\/\/www.parasol35.org\/index.php\/wp-json\/wp\/v2\/users\/2"}],"version-history":[{"count":1,"href":"https:\/\/www.parasol35.org\/index.php\/wp-json\/wp\/v2\/tribe_events\/876\/revisions"}],"predecessor-version":[{"id":877,"href":"https:\/\/www.parasol35.org\/index.php\/wp-json\/wp\/v2\/tribe_events\/876\/revisions\/877"}],"wp:featuredmedia":[{"embeddable":true,"href":"https:\/\/www.parasol35.org\/index.php\/wp-json\/wp\/v2\/media\/861"}],"wp:attachment":[{"href":"https:\/\/www.parasol35.org\/index.php\/wp-json\/wp\/v2\/media?parent=876"}],"wp:term":[{"taxonomy":"post_tag","embeddable":true,"href":"https:\/\/www.parasol35.org\/index.php\/wp-json\/wp\/v2\/tags?post=876"},{"taxonomy":"tribe_events_cat","embeddable":true,"href":"https:\/\/www.parasol35.org\/index.php\/wp-json\/wp\/v2\/tribe_events_cat?post=876"}],"curies":[{"name":"wp","href":"https:\/\/api.w.org\/{rel}","templated":true}]}}