{"id":930,"date":"2026-04-27T09:13:31","date_gmt":"2026-04-27T07:13:31","guid":{"rendered":"https:\/\/www.parasol35.org\/?post_type=tribe_events&#038;p=930"},"modified":"2026-04-27T09:13:33","modified_gmt":"2026-04-27T07:13:33","slug":"thorigne-fouillard-cine-debat-avec-des-habitants-de-la-bigotiere-autour-du-film-desseins-communs-de-valerie-chopin","status":"publish","type":"tribe_events","link":"https:\/\/www.parasol35.org\/index.php\/evenement\/thorigne-fouillard-cine-debat-avec-des-habitants-de-la-bigotiere-autour-du-film-desseins-communs-de-valerie-chopin\/","title":{"rendered":"Thorign\u00e9-Fouillard : Cin\u00e9 d\u00e9bat avec des habitants de la Bigoti\u00e8re autour du film \u00ab\u00a0Desseins Communs\u00a0\u00bb de Val\u00e9rie Chopin"},"content":{"rendered":"<div  class=\"tribe-events-schedule tribe-clearfix\" >\n\t<p class=\"tribe-events-schedule__datetime\">\n\t\t<span class=\"tribe-events-schedule__date tribe-events-schedule__date--start\">\n\t\t\t29 avril\t\t<\/span>\n\n\t\t\t\t\t<span class=\"tribe-events-schedule__separator tribe-events-schedule__separator--date\">\n\t\t\t\t: \t\t\t<\/span>\n\t\t\t<span class=\"tribe-events-schedule__time tribe-events-schedule__time--start\">\n\t\t\t\t20h00\t\t\t<\/span>\n\t\t\n\t\t\t\t\t\t\t\t\t<span class=\"tribe-events-schedule__separator tribe-events-schedule__separator--time\">\n\t\t\t\t\t &#8211; \t\t\t\t<\/span>\n\t\t\t\n\t\t\t\t\t\t\t<span class=\"tribe-events-schedule__time tribe-events-schedule__time--end\">\n\t\t\t\t\t22h00\t\t\t\t<\/span>\n\t\t\t\n\t\t\t\t\t\t<\/p>\n<\/div>\n\n\n\n<h2 class=\"wp-block-heading\">L&rsquo;association Active de Thorign\u00e9-Fouillard propose une soir\u00e9e cin\u00e9 d\u00e9bat le Mercredi 29 avril \u00e0 20h salle de l&rsquo;\u00e9clat<\/h2>\n\n\n\n<figure class=\"wp-block-image size-large\"><img loading=\"lazy\" decoding=\"async\" width=\"734\" height=\"1024\" src=\"http:\/\/www.parasol35.org\/wp-content\/uploads\/2026\/04\/desseins_communs-734x1024.jpg\" alt=\"\" class=\"wp-image-932\" srcset=\"https:\/\/www.parasol35.org\/wp-content\/uploads\/2026\/04\/desseins_communs-734x1024.jpg 734w, https:\/\/www.parasol35.org\/wp-content\/uploads\/2026\/04\/desseins_communs-215x300.jpg 215w, https:\/\/www.parasol35.org\/wp-content\/uploads\/2026\/04\/desseins_communs-768x1071.jpg 768w, https:\/\/www.parasol35.org\/wp-content\/uploads\/2026\/04\/desseins_communs-1101x1536.jpg 1101w, https:\/\/www.parasol35.org\/wp-content\/uploads\/2026\/04\/desseins_communs-1468x2048.jpg 1468w, https:\/\/www.parasol35.org\/wp-content\/uploads\/2026\/04\/desseins_communs-scaled.jpg 1835w\" sizes=\"auto, (max-width: 734px) 100vw, 734px\" \/><\/figure>\n\n\n<div  class=\"tribe-block tribe-block__event-price\" >\n\t\t\t<span class=\"tribe-block__event-price__cost\"> Soir\u00e9e gratuite <\/span>\n\t\t<\/div>\n\n\n<div  class=\"tribe-block tribe-block__organizer__details tribe-clearfix\" >\n\t<div class=\"tribe-block__organizer__title\">\n\t\t<h3>Association Active<\/h3>\n\t<\/div>\n\t\t\t<\/div>\n\n\n<div  class=\"tribe-block tribe-block__venue tribe-clearfix tribe-block__venue--has-map\" >\n\t\n\t\n<div class=\"tribe-block__venue__meta\">\n\t<div class=\"tribe-block__venue__name\">\n\t\t<h3>Salle de l&rsquo;\u00e9clat<\/h3>\n\t<\/div>\n\n\t\n\t\t\t\t\t\t<address class=\"tribe-block__venue__address\">\n\t\t\t\t<span class=\"tribe-address\">\n\n<span class=\"tribe-street-address\">Rue de la F\u00f4ret<\/span>\n\t\n\t\t<br>\n\t\t<span class=\"tribe-locality\">Thorign\u00e9-Fouillard<\/span><span class=\"tribe-delimiter\">,<\/span>\n\n\t<abbr class=\"tribe-region tribe-events-abbr\" title=\"Ille-et-Vilaine\">Ille-et-Vilaine<\/abbr>\n\n\t<span class=\"tribe-postal-code\">35235<\/span>\n\n\t<span class=\"tribe-country-name\">France<\/span>\n\n<\/span>\n\n\t\t\t\t\t\t\t\t\t<a class=\"tribe-events-gmap\" href=\"https:\/\/maps.google.com\/maps?f=q&#038;source=s_q&#038;hl=en&#038;geocode=&#038;q=Rue+de+la+F%C3%B4ret+Thorign%C3%A9-Fouillard+Ille-et-Vilaine+35235+France\" title=\"Cliquez pour voir une carte Google Map\" target=\"_blank\" rel=\"noreferrer noopener\">+ Google Map<\/a>\t\t\t\t\t\t\t<\/address>\n\t\t\n\t\t\n\t\t\t\n\t<\/div>\n\t\n<div class=\"tribe-block__venue__map\">\n\t\n<iframe loading=\"lazy\"\n  title=\"L\u2018iframe Google maps affichant l\u2019adresse \u00e0 Salle de l&rsquo;\u00e9clat\"\n  aria-label=\"Plan des lieux\"\n  width=\"310px\"\n  height=\"256px\"\n  frameborder=\"0\" style=\"border:0\"\n  src=\"https:\/\/www.google.com\/maps\/embed\/v1\/place?key=AIzaSyDNsicAsP6-VuGtAb1O9riI3oc_NOb7IOU&#038;q=Rue+de+la+F%C3%B4ret+Thorign%C3%A9-Fouillard+Ille-et-Vilaine+Ille-et-Vilaine+35235+France+&#038;zoom=15\" allowfullscreen>\n<\/iframe>\n<\/div>\n\n\t<\/div>\n\n\n\n\n\t<div  class=\"tribe-block tribe-block__events-link\" >\n\t\t<div class=\"tribe-events tribe-common\">\n\t\t\t<div class=\"tribe-events-c-subscribe-dropdown__container\">\n\t\t\t\t<div class=\"tribe-events-c-subscribe-dropdown\">\n\t\t\t\t\t<div class=\"tribe-common-c-btn-border tribe-events-c-subscribe-dropdown__button\">\n\t\t\t\t\t\t<svg\n\t class=\"tribe-common-c-svgicon tribe-common-c-svgicon--cal-export tribe-events-c-subscribe-dropdown__export-icon\" \taria-hidden=\"true\"\n\tviewBox=\"0 0 23 17\"\n\txmlns=\"http:\/\/www.w3.org\/2000\/svg\"\n>\n\t<path fill-rule=\"evenodd\" clip-rule=\"evenodd\" d=\"M.128.896V16.13c0 .211.145.383.323.383h15.354c.179 0 .323-.172.323-.383V.896c0-.212-.144-.383-.323-.383H.451C.273.513.128.684.128.896Zm16 6.742h-.901V4.679H1.009v10.729h14.218v-3.336h.901V7.638ZM1.01 1.614h14.218v2.058H1.009V1.614Z\" \/>\n\t<path d=\"M20.5 9.846H8.312M18.524 6.953l2.89 2.909-2.855 2.855\" stroke-width=\"1.2\" stroke-linecap=\"round\" stroke-linejoin=\"round\"\/>\n<\/svg>\n\t\t\t\t\t\t<button\n\t\t\t\t\t\t\tclass=\"tribe-events-c-subscribe-dropdown__button-text\"\n\t\t\t\t\t\t\taria-expanded=\"false\"\n\t\t\t\t\t\t\taria-controls=\"tribe-events-subscribe-dropdown-content\"\n\t\t\t\t\t\t\taria-label=\"Afficher les liens permettant d\u2019ajouter des \u00e9v\u00e8nements \u00e0 votre calendrier\"\n\t\t\t\t\t\t>\n\t\t\t\t\t\t\tAjouter au calendrier\t\t\t\t\t\t<\/button>\n\t\t\t\t\t\t<svg\n\t class=\"tribe-common-c-svgicon tribe-common-c-svgicon--caret-down tribe-events-c-subscribe-dropdown__button-icon\" \taria-hidden=\"true\"\n\tviewBox=\"0 0 10 7\"\n\txmlns=\"http:\/\/www.w3.org\/2000\/svg\"\n>\n\t<path fill-rule=\"evenodd\" clip-rule=\"evenodd\" d=\"M1.008.609L5 4.6 8.992.61l.958.958L5 6.517.05 1.566l.958-.958z\" class=\"tribe-common-c-svgicon__svg-fill\"\/>\n<\/svg>\n\t\t\t\t\t<\/div>\n\t\t\t\t\t<div id=\"tribe-events-subscribe-dropdown-content\" class=\"tribe-events-c-subscribe-dropdown__content\">\n\t\t\t\t\t\t<ul class=\"tribe-events-c-subscribe-dropdown__list\">\n\t\t\t\t\t\t\t\t\t\t\t\t\t\t\t<li class=\"tribe-events-c-subscribe-dropdown__list-item tribe-events-c-subscribe-dropdown__list-item--gcal\">\n\t\t\t\t\t\t\t\t\t<a\n\t\t\t\t\t\t\t\t\t\thref=\"https:\/\/www.google.com\/calendar\/event?action=TEMPLATE&#038;dates=20260429T200000\/20260429T220000&#038;text=Thorign%C3%A9-Fouillard%20%3A%20Cin%C3%A9%20d%C3%A9bat%20avec%20des%20habitants%20de%20la%20Bigoti%C3%A8re%20autour%20du%20film%20%C2%AB%C2%A0Desseins%20Communs%C2%A0%C2%BB%20de%20Val%C3%A9rie%20Chopin&#038;details=%3Ch2+class%3D%22wp-block-heading%22%3EL%27association+Active+de+Thorign%C3%A9-Fouillard+propose+une+soir%C3%A9e+cin%C3%A9+d%C3%A9bat+le+Mercredi+29+avril+%C3%A0+20h+salle+de+l%27%C3%A9clat%3C%2Fh2%3E%3Cfigure+class%3D%22wp-block-image+size-large%22%3E%3Cimg+src%3D%22http%3A%2F%2Fwww.parasol35.org%2Fwp-content%2Fuploads%2F2026%2F04%2Fdesseins_communs-734x1024.jpg%22+alt%3D%22%22+class%3D%22wp-image-932%22%2F%3E%3C%2Ffigure%3E&#038;location=Salle%20de%20l&rsquo;\u00e9clat,%20Rue%20de%20la%20F\u00f4ret,%20Thorign\u00e9-Fouillard,%20Ille-et-Vilaine,%2035235,%20France&#038;trp=false&#038;ctz=Europe\/Paris&#038;sprop=website:https:\/\/www.parasol35.org\"\n\t\t\t\t\t\t\t\t\t\tclass=\"tribe-events-c-subscribe-dropdown__list-item-link\"\n\t\t\t\t\t\t\t\t\t\ttarget=\"_blank\"\n\t\t\t\t\t\t\t\t\t\trel=\"noopener noreferrer nofollow noindex\"\n\t\t\t\t\t\t\t\t\t>\n\t\t\t\t\t\t\t\t\t\tGoogle Agenda\t\t\t\t\t\t\t\t\t<\/a>\n\t\t\t\t\t\t\t\t<\/li>\n\t\t\t\t\t\t\t\t\t\t\t\t\t\t\t<li class=\"tribe-events-c-subscribe-dropdown__list-item tribe-events-c-subscribe-dropdown__list-item--ical\">\n\t\t\t\t\t\t\t\t\t<a\n\t\t\t\t\t\t\t\t\t\thref=\"\"\n\t\t\t\t\t\t\t\t\t\tclass=\"tribe-events-c-subscribe-dropdown__list-item-link\"\n\t\t\t\t\t\t\t\t\t\ttarget=\"_blank\"\n\t\t\t\t\t\t\t\t\t\trel=\"noopener noreferrer nofollow noindex\"\n\t\t\t\t\t\t\t\t\t>\n\t\t\t\t\t\t\t\t\t\tiCalendar\t\t\t\t\t\t\t\t\t<\/a>\n\t\t\t\t\t\t\t\t<\/li>\n\t\t\t\t\t\t\t\t\t\t\t\t\t\t\t<li class=\"tribe-events-c-subscribe-dropdown__list-item tribe-events-c-subscribe-dropdown__list-item--outlook-365\">\n\t\t\t\t\t\t\t\t\t<a\n\t\t\t\t\t\t\t\t\t\thref=\"\"\n\t\t\t\t\t\t\t\t\t\tclass=\"tribe-events-c-subscribe-dropdown__list-item-link\"\n\t\t\t\t\t\t\t\t\t\ttarget=\"_blank\"\n\t\t\t\t\t\t\t\t\t\trel=\"noopener noreferrer nofollow noindex\"\n\t\t\t\t\t\t\t\t\t>\n\t\t\t\t\t\t\t\t\t\tOutlook 365\t\t\t\t\t\t\t\t\t<\/a>\n\t\t\t\t\t\t\t\t<\/li>\n\t\t\t\t\t\t\t\t\t\t\t\t\t\t\t<li class=\"tribe-events-c-subscribe-dropdown__list-item tribe-events-c-subscribe-dropdown__list-item--outlook-live\">\n\t\t\t\t\t\t\t\t\t<a\n\t\t\t\t\t\t\t\t\t\thref=\"\"\n\t\t\t\t\t\t\t\t\t\tclass=\"tribe-events-c-subscribe-dropdown__list-item-link\"\n\t\t\t\t\t\t\t\t\t\ttarget=\"_blank\"\n\t\t\t\t\t\t\t\t\t\trel=\"noopener noreferrer nofollow noindex\"\n\t\t\t\t\t\t\t\t\t>\n\t\t\t\t\t\t\t\t\t\tOutlook Live\t\t\t\t\t\t\t\t\t<\/a>\n\t\t\t\t\t\t\t\t<\/li>\n\t\t\t\t\t\t\t\t\t\t\t\t\t<\/ul>\n\t\t\t\t\t<\/div>\n\t\t\t\t<\/div>\n\t\t\t<\/div>\n\t\t<\/div>\n\t<\/div>\n\n","protected":false},"excerpt":{"rendered":"<p>L&rsquo;association Active de Thorign\u00e9-Fouillard propose une soir\u00e9e cin\u00e9 d\u00e9bat le Mercredi 29 avril \u00e0 20h salle de l&rsquo;\u00e9clat<\/p>\n","protected":false},"author":2,"featured_media":932,"template":"","meta":{"_EventAllDay":false,"_EventTimezone":"Europe\/Paris","_EventStartDate":"2026-04-29 20:00:00","_EventEndDate":"2026-04-29 22:00:00","_EventStartDateUTC":"2026-04-29 18:00:00","_EventEndDateUTC":"2026-04-29 20:00:00","_EventShowMap":false,"_EventShowMapLink":false,"_EventURL":"","_EventCost":"Soir\u00e9e gratuite","_EventCostDescription":"","_EventCurrencySymbol":"\u20ac","_EventCurrencyCode":"EUR","_EventCurrencyPosition":"prefix","_EventDateTimeSeparator":": ","_EventTimeRangeSeparator":" - ","_EventOrganizerID":[931],"_EventVenueID":[933],"_OrganizerEmail":"","_OrganizerPhone":"","_OrganizerWebsite":"","_VenueAddress":"","_VenueCity":"","_VenueCountry":"","_VenueProvince":"","_VenueState":"","_VenueZip":"","_VenuePhone":"","_VenueURL":"","_VenueStateProvince":"","_VenueLat":"","_VenueLng":"","_VenueShowMap":false,"_VenueShowMapLink":false,"_kad_post_transparent":"","_kad_post_title":"","_kad_post_layout":"","_kad_post_sidebar_id":"","_kad_post_content_style":"","_kad_post_vertical_padding":"","_kad_post_feature":"","_kad_post_feature_position":"","_kad_post_header":false,"_kad_post_footer":false,"_kad_post_classname":"","_tribe_events_status":"","_tribe_events_status_reason":"","footnotes":""},"tags":[],"tribe_events_cat":[],"class_list":["post-930","tribe_events","type-tribe_events","status-publish","has-post-thumbnail","hentry"],"_links":{"self":[{"href":"https:\/\/www.parasol35.org\/index.php\/wp-json\/wp\/v2\/tribe_events\/930","targetHints":{"allow":["GET"]}}],"collection":[{"href":"https:\/\/www.parasol35.org\/index.php\/wp-json\/wp\/v2\/tribe_events"}],"about":[{"href":"https:\/\/www.parasol35.org\/index.php\/wp-json\/wp\/v2\/types\/tribe_events"}],"author":[{"embeddable":true,"href":"https:\/\/www.parasol35.org\/index.php\/wp-json\/wp\/v2\/users\/2"}],"version-history":[{"count":1,"href":"https:\/\/www.parasol35.org\/index.php\/wp-json\/wp\/v2\/tribe_events\/930\/revisions"}],"predecessor-version":[{"id":934,"href":"https:\/\/www.parasol35.org\/index.php\/wp-json\/wp\/v2\/tribe_events\/930\/revisions\/934"}],"wp:featuredmedia":[{"embeddable":true,"href":"https:\/\/www.parasol35.org\/index.php\/wp-json\/wp\/v2\/media\/932"}],"wp:attachment":[{"href":"https:\/\/www.parasol35.org\/index.php\/wp-json\/wp\/v2\/media?parent=930"}],"wp:term":[{"taxonomy":"post_tag","embeddable":true,"href":"https:\/\/www.parasol35.org\/index.php\/wp-json\/wp\/v2\/tags?post=930"},{"taxonomy":"tribe_events_cat","embeddable":true,"href":"https:\/\/www.parasol35.org\/index.php\/wp-json\/wp\/v2\/tribe_events_cat?post=930"}],"curies":[{"name":"wp","href":"https:\/\/api.w.org\/{rel}","templated":true}]}}